{"id":215,"date":"2020-08-30T11:19:05","date_gmt":"2020-08-30T11:19:05","guid":{"rendered":"http:\/\/tume.fi\/joulupukki\/?page_id=215"},"modified":"2025-11-18T09:43:05","modified_gmt":"2025-11-18T09:43:05","slug":"etusivu","status":"publish","type":"page","link":"https:\/\/tume.fi\/joulupukki\/","title":{"rendered":"Etusivu"},"content":{"rendered":"","protected":false},"excerpt":{"rendered":"","protected":false},"author":1,"featured_media":654,"parent":0,"menu_order":0,"comment_status":"closed","ping_status":"closed","template":"","meta":{"footnotes":""},"class_list":["post-215","page","type-page","status-publish","has-post-thumbnail","hentry"],"yoast_head":"<!-- This site is optimized with the Yoast SEO plugin v26.4-RC2 - https:\/\/yoast.com\/wordpress\/plugins\/seo\/ -->\n<title>Etusivu | Turun Mets\u00e4nk\u00e4vij\u00e4in Joulupukkitoimisto<\/title>\n<meta name=\"description\" content=\"Turun Mets\u00e4nk\u00e4vij\u00f6iden joulupukki on ollut Turun alueen perheiden aaton kohokohta jo 90 vuoden ajan. Pukkien varaus alkaa 1.12. klo 18.00!\" \/>\n<meta name=\"robots\" content=\"index, follow, max-snippet:-1, max-image-preview:large, max-video-preview:-1\" \/>\n<link rel=\"canonical\" href=\"https:\/\/tume.fi\/joulupukki\/\" \/>\n<meta property=\"og:locale\" content=\"en_US\" \/>\n<meta property=\"og:type\" content=\"article\" \/>\n<meta property=\"og:title\" content=\"Etusivu | Turun Mets\u00e4nk\u00e4vij\u00e4in Joulupukkitoimisto\" \/>\n<meta property=\"og:description\" content=\"Turun Mets\u00e4nk\u00e4vij\u00f6iden joulupukki on ollut Turun alueen perheiden aaton kohokohta jo 90 vuoden ajan. Pukkien varaus alkaa 1.12. klo 18.00!\" \/>\n<meta property=\"og:url\" content=\"https:\/\/tume.fi\/joulupukki\/\" \/>\n<meta property=\"og:site_name\" content=\"Turun Mets\u00e4nk\u00e4vij\u00e4in Joulupukkitoimisto\" \/>\n<meta property=\"article:modified_time\" content=\"2025-11-18T09:43:05+00:00\" \/>\n<meta property=\"og:image\" content=\"https:\/\/tume.fi\/joulupukki\/wp-content\/uploads\/2022\/10\/DSC_0822-scaled.jpg\" \/>\n\t<meta property=\"og:image:width\" content=\"2560\" \/>\n\t<meta property=\"og:image:height\" content=\"1696\" \/>\n\t<meta property=\"og:image:type\" content=\"image\/jpeg\" \/>\n<meta name=\"twitter:label1\" content=\"Est. reading time\" \/>\n\t<meta name=\"twitter:data1\" content=\"1 minute\" \/>\n<script type=\"application\/ld+json\" class=\"yoast-schema-graph\">{\"@context\":\"https:\/\/schema.org\",\"@graph\":[{\"@type\":\"WebPage\",\"@id\":\"https:\/\/tume.fi\/joulupukki\/\",\"url\":\"https:\/\/tume.fi\/joulupukki\/\",\"name\":\"Etusivu | Turun Mets\u00e4nk\u00e4vij\u00e4in Joulupukkitoimisto\",\"isPartOf\":{\"@id\":\"https:\/\/tume.fi\/joulupukki\/#website\"},\"primaryImageOfPage\":{\"@id\":\"https:\/\/tume.fi\/joulupukki\/#primaryimage\"},\"image\":{\"@id\":\"https:\/\/tume.fi\/joulupukki\/#primaryimage\"},\"thumbnailUrl\":\"https:\/\/tume.fi\/joulupukki\/wp-content\/uploads\/2022\/10\/DSC_0822-scaled.jpg\",\"datePublished\":\"2020-08-30T11:19:05+00:00\",\"dateModified\":\"2025-11-18T09:43:05+00:00\",\"description\":\"Turun Mets\u00e4nk\u00e4vij\u00f6iden joulupukki on ollut Turun alueen perheiden aaton kohokohta jo 90 vuoden ajan. Pukkien varaus alkaa 1.12. klo 18.00!\",\"breadcrumb\":{\"@id\":\"https:\/\/tume.fi\/joulupukki\/#breadcrumb\"},\"inLanguage\":\"en-US\",\"potentialAction\":[{\"@type\":\"ReadAction\",\"target\":[\"https:\/\/tume.fi\/joulupukki\/\"]}]},{\"@type\":\"ImageObject\",\"inLanguage\":\"en-US\",\"@id\":\"https:\/\/tume.fi\/joulupukki\/#primaryimage\",\"url\":\"https:\/\/tume.fi\/joulupukki\/wp-content\/uploads\/2022\/10\/DSC_0822-scaled.jpg\",\"contentUrl\":\"https:\/\/tume.fi\/joulupukki\/wp-content\/uploads\/2022\/10\/DSC_0822-scaled.jpg\",\"width\":2560,\"height\":1696},{\"@type\":\"BreadcrumbList\",\"@id\":\"https:\/\/tume.fi\/joulupukki\/#breadcrumb\",\"itemListElement\":[{\"@type\":\"ListItem\",\"position\":1,\"name\":\"Home\",\"item\":\"https:\/\/tume.fi\/joulupukki\/\"},{\"@type\":\"ListItem\",\"position\":2,\"name\":\"Etusivu\"}]},{\"@type\":\"WebSite\",\"@id\":\"https:\/\/tume.fi\/joulupukki\/#website\",\"url\":\"https:\/\/tume.fi\/joulupukki\/\",\"name\":\"Turun Mets\u00e4nk\u00e4vij\u00e4in Joulupukkitoimisto\",\"description\":\"Partiolaisten joulupukkipalvelua vuodesta 1932\",\"publisher\":{\"@id\":\"https:\/\/tume.fi\/joulupukki\/#organization\"},\"potentialAction\":[{\"@type\":\"SearchAction\",\"target\":{\"@type\":\"EntryPoint\",\"urlTemplate\":\"https:\/\/tume.fi\/joulupukki\/?s={search_term_string}\"},\"query-input\":{\"@type\":\"PropertyValueSpecification\",\"valueRequired\":true,\"valueName\":\"search_term_string\"}}],\"inLanguage\":\"en-US\"},{\"@type\":\"Organization\",\"@id\":\"https:\/\/tume.fi\/joulupukki\/#organization\",\"name\":\"Turun Mets\u00e4nk\u00e4vij\u00e4in Joulupukkitoimisto\",\"url\":\"https:\/\/tume.fi\/joulupukki\/\",\"logo\":{\"@type\":\"ImageObject\",\"inLanguage\":\"en-US\",\"@id\":\"https:\/\/tume.fi\/joulupukki\/#\/schema\/logo\/image\/\",\"url\":\"https:\/\/tume.fi\/joulupukki\/wp-content\/uploads\/2020\/08\/cropped-pukkitoimiston-logo_512-1.png\",\"contentUrl\":\"https:\/\/tume.fi\/joulupukki\/wp-content\/uploads\/2020\/08\/cropped-pukkitoimiston-logo_512-1.png\",\"width\":290,\"height\":290,\"caption\":\"Turun Mets\u00e4nk\u00e4vij\u00e4in Joulupukkitoimisto\"},\"image\":{\"@id\":\"https:\/\/tume.fi\/joulupukki\/#\/schema\/logo\/image\/\"}}]}<\/script>\n<!-- \/ Yoast SEO plugin. -->","yoast_head_json":{"title":"Etusivu | Turun Mets\u00e4nk\u00e4vij\u00e4in Joulupukkitoimisto","description":"Turun Mets\u00e4nk\u00e4vij\u00f6iden joulupukki on ollut Turun alueen perheiden aaton kohokohta jo 90 vuoden ajan. Pukkien varaus alkaa 1.12. klo 18.00!","robots":{"index":"index","follow":"follow","max-snippet":"max-snippet:-1","max-image-preview":"max-image-preview:large","max-video-preview":"max-video-preview:-1"},"canonical":"https:\/\/tume.fi\/joulupukki\/","og_locale":"en_US","og_type":"article","og_title":"Etusivu | Turun Mets\u00e4nk\u00e4vij\u00e4in Joulupukkitoimisto","og_description":"Turun Mets\u00e4nk\u00e4vij\u00f6iden joulupukki on ollut Turun alueen perheiden aaton kohokohta jo 90 vuoden ajan. Pukkien varaus alkaa 1.12. klo 18.00!","og_url":"https:\/\/tume.fi\/joulupukki\/","og_site_name":"Turun Mets\u00e4nk\u00e4vij\u00e4in Joulupukkitoimisto","article_modified_time":"2025-11-18T09:43:05+00:00","og_image":[{"width":2560,"height":1696,"url":"https:\/\/tume.fi\/joulupukki\/wp-content\/uploads\/2022\/10\/DSC_0822-scaled.jpg","type":"image\/jpeg"}],"twitter_misc":{"Est. reading time":"1 minute"},"schema":{"@context":"https:\/\/schema.org","@graph":[{"@type":"WebPage","@id":"https:\/\/tume.fi\/joulupukki\/","url":"https:\/\/tume.fi\/joulupukki\/","name":"Etusivu | Turun Mets\u00e4nk\u00e4vij\u00e4in Joulupukkitoimisto","isPartOf":{"@id":"https:\/\/tume.fi\/joulupukki\/#website"},"primaryImageOfPage":{"@id":"https:\/\/tume.fi\/joulupukki\/#primaryimage"},"image":{"@id":"https:\/\/tume.fi\/joulupukki\/#primaryimage"},"thumbnailUrl":"https:\/\/tume.fi\/joulupukki\/wp-content\/uploads\/2022\/10\/DSC_0822-scaled.jpg","datePublished":"2020-08-30T11:19:05+00:00","dateModified":"2025-11-18T09:43:05+00:00","description":"Turun Mets\u00e4nk\u00e4vij\u00f6iden joulupukki on ollut Turun alueen perheiden aaton kohokohta jo 90 vuoden ajan. Pukkien varaus alkaa 1.12. klo 18.00!","breadcrumb":{"@id":"https:\/\/tume.fi\/joulupukki\/#breadcrumb"},"inLanguage":"en-US","potentialAction":[{"@type":"ReadAction","target":["https:\/\/tume.fi\/joulupukki\/"]}]},{"@type":"ImageObject","inLanguage":"en-US","@id":"https:\/\/tume.fi\/joulupukki\/#primaryimage","url":"https:\/\/tume.fi\/joulupukki\/wp-content\/uploads\/2022\/10\/DSC_0822-scaled.jpg","contentUrl":"https:\/\/tume.fi\/joulupukki\/wp-content\/uploads\/2022\/10\/DSC_0822-scaled.jpg","width":2560,"height":1696},{"@type":"BreadcrumbList","@id":"https:\/\/tume.fi\/joulupukki\/#breadcrumb","itemListElement":[{"@type":"ListItem","position":1,"name":"Home","item":"https:\/\/tume.fi\/joulupukki\/"},{"@type":"ListItem","position":2,"name":"Etusivu"}]},{"@type":"WebSite","@id":"https:\/\/tume.fi\/joulupukki\/#website","url":"https:\/\/tume.fi\/joulupukki\/","name":"Turun Mets\u00e4nk\u00e4vij\u00e4in Joulupukkitoimisto","description":"Partiolaisten joulupukkipalvelua vuodesta 1932","publisher":{"@id":"https:\/\/tume.fi\/joulupukki\/#organization"},"potentialAction":[{"@type":"SearchAction","target":{"@type":"EntryPoint","urlTemplate":"https:\/\/tume.fi\/joulupukki\/?s={search_term_string}"},"query-input":{"@type":"PropertyValueSpecification","valueRequired":true,"valueName":"search_term_string"}}],"inLanguage":"en-US"},{"@type":"Organization","@id":"https:\/\/tume.fi\/joulupukki\/#organization","name":"Turun Mets\u00e4nk\u00e4vij\u00e4in Joulupukkitoimisto","url":"https:\/\/tume.fi\/joulupukki\/","logo":{"@type":"ImageObject","inLanguage":"en-US","@id":"https:\/\/tume.fi\/joulupukki\/#\/schema\/logo\/image\/","url":"https:\/\/tume.fi\/joulupukki\/wp-content\/uploads\/2020\/08\/cropped-pukkitoimiston-logo_512-1.png","contentUrl":"https:\/\/tume.fi\/joulupukki\/wp-content\/uploads\/2020\/08\/cropped-pukkitoimiston-logo_512-1.png","width":290,"height":290,"caption":"Turun Mets\u00e4nk\u00e4vij\u00e4in Joulupukkitoimisto"},"image":{"@id":"https:\/\/tume.fi\/joulupukki\/#\/schema\/logo\/image\/"}}]}},"_links":{"self":[{"href":"https:\/\/tume.fi\/joulupukki\/wp-json\/wp\/v2\/pages\/215","targetHints":{"allow":["GET"]}}],"collection":[{"href":"https:\/\/tume.fi\/joulupukki\/wp-json\/wp\/v2\/pages"}],"about":[{"href":"https:\/\/tume.fi\/joulupukki\/wp-json\/wp\/v2\/types\/page"}],"author":[{"embeddable":true,"href":"https:\/\/tume.fi\/joulupukki\/wp-json\/wp\/v2\/users\/1"}],"replies":[{"embeddable":true,"href":"https:\/\/tume.fi\/joulupukki\/wp-json\/wp\/v2\/comments?post=215"}],"version-history":[{"count":1,"href":"https:\/\/tume.fi\/joulupukki\/wp-json\/wp\/v2\/pages\/215\/revisions"}],"predecessor-version":[{"id":216,"href":"https:\/\/tume.fi\/joulupukki\/wp-json\/wp\/v2\/pages\/215\/revisions\/216"}],"wp:featuredmedia":[{"embeddable":true,"href":"https:\/\/tume.fi\/joulupukki\/wp-json\/wp\/v2\/media\/654"}],"wp:attachment":[{"href":"https:\/\/tume.fi\/joulupukki\/wp-json\/wp\/v2\/media?parent=215"}],"curies":[{"name":"wp","href":"https:\/\/api.w.org\/{rel}","templated":true}]}}